{"id":3,"date":"2021-12-20T06:13:39","date_gmt":"2021-12-20T06:13:39","guid":{"rendered":"https:\/\/klbtheme.com\/furnob\/?page_id=3"},"modified":"2026-01-23T08:40:41","modified_gmt":"2026-01-23T07:40:41","slug":"privacy-policy-2","status":"publish","type":"page","link":"https:\/\/hwtmart.ch\/?page_id=3","title":{"rendered":"Politique de confidentialit\u00e9"},"content":{"rendered":"\t\t<div data-elementor-type=\"wp-page\" data-elementor-id=\"3\" class=\"elementor elementor-3\" data-elementor-post-type=\"page\">\n\t\t\t\t<div class=\"elementor-element elementor-element-bcb7e59 e-flex e-con-boxed e-con e-parent\" data-id=\"bcb7e59\" data-element_type=\"container\" data-e-type=\"container\">\n\t\t\t\t\t<div class=\"e-con-inner\">\n\t\t\t\t<div class=\"elementor-element elementor-element-c45f42d elementor-widget elementor-widget-heading\" data-id=\"c45f42d\" data-element_type=\"widget\" data-e-type=\"widget\" data-widget_type=\"heading.default\">\n\t\t\t\t<div class=\"elementor-widget-container\">\n\t\t\t\t\t<h2 class=\"elementor-heading-title elementor-size-default\">Politique de confidentialit\u00e9 1er septembre 2025<\/h2>\t\t\t\t<\/div>\n\t\t\t\t<\/div>\n\t\t\t\t<div class=\"elementor-element elementor-element-276b5e0 elementor-widget elementor-widget-text-editor\" data-id=\"276b5e0\" data-element_type=\"widget\" data-e-type=\"widget\" data-widget_type=\"text-editor.default\">\n\t\t\t\t<div class=\"elementor-widget-container\">\n\t\t\t\t\t\t\t\t\t<p>Cette politique explique comment<strong><b>\u00a0<\/b><\/strong>notre soci\u00e9t\u00e9 collecte, traite, stocke et utilise vos donn\u00e9es personnelles conform\u00e9ment \u00e0 la l\u00e9gislation en vigueur, y compris la Loi f\u00e9d\u00e9rale sur la protection des donn\u00e9es (LPD).<\/p><p>La politique \u00eatre modifi\u00e9e en tout temps. Les modifications prendront effet d\u00e8s leur publication sur le site. L\u2019utilisateur est invit\u00e9 \u00e0 consulter r\u00e9guli\u00e8rement les Conditions. En cas de modification significative, les personnes dont les coordonn\u00e9es sont enregistr\u00e9es seront inform\u00e9es avec un pr\u00e9avis raisonnable sous r\u00e9serve des cas o\u00f9 cet avis demanderait un effort disproportionn\u00e9.<\/p>\t\t\t\t\t\t\t\t<\/div>\n\t\t\t\t<\/div>\n\t\t\t\t<div class=\"elementor-element elementor-element-3107b59 elementor-widget-divider--view-line elementor-widget elementor-widget-divider\" data-id=\"3107b59\" data-element_type=\"widget\" data-e-type=\"widget\" data-widget_type=\"divider.default\">\n\t\t\t\t<div class=\"elementor-widget-container\">\n\t\t\t\t\t\t\t<div class=\"elementor-divider\">\n\t\t\t<span class=\"elementor-divider-separator\">\n\t\t\t\t\t\t<\/span>\n\t\t<\/div>\n\t\t\t\t\t\t<\/div>\n\t\t\t\t<\/div>\n\t\t\t\t<div class=\"elementor-element elementor-element-6044d9d elementor-widget elementor-widget-text-editor\" data-id=\"6044d9d\" data-element_type=\"widget\" data-e-type=\"widget\" data-widget_type=\"text-editor.default\">\n\t\t\t\t<div class=\"elementor-widget-container\">\n\t\t\t\t\t\t\t\t\t<h1><strong><b>1. Traitement des donn\u00e9es<\/b><\/strong><\/h1><p>Cette politique s\u2019applique \u00e0 tous les utilisateurs des plateformes en ligne, applications mobiles, sites internet et services exploit\u00e9s ou fournis par notre soci\u00e9t\u00e9 en Suisse.<\/p><p>Notre traitement des donn\u00e9es repose sur diff\u00e9rentes bases l\u00e9gales en fonction de la finalit\u00e9 poursuivies. Ainsi, nous pouvons traiter des donn\u00e9es personnelles notamment si cela est\u00a0:<\/p><ul><li>n\u00e9cessaire \u00e0 l\u2019ex\u00e9cution d\u2019un contrat avec les personnes concern\u00e9es ou afin de prendre des dispositions pr\u00e9contractuelles<\/li><li>n\u00e9cessaires \u00e0 la poursuite d\u2019int\u00e9r\u00eat l\u00e9gitimes, notamment lorsque le traitement est un \u00e9l\u00e9ment important \u00e0 notre activit\u00e9<\/li><li>consenti par la personne concern\u00e9e<\/li><li>n\u00e9cessaire pour respecter nos obligations l\u00e9gales ou contractuelles<\/li><\/ul>\t\t\t\t\t\t\t\t<\/div>\n\t\t\t\t<\/div>\n\t\t\t\t<div class=\"elementor-element elementor-element-0056af6 elementor-widget-divider--view-line elementor-widget elementor-widget-divider\" data-id=\"0056af6\" data-element_type=\"widget\" data-e-type=\"widget\" data-widget_type=\"divider.default\">\n\t\t\t\t<div class=\"elementor-widget-container\">\n\t\t\t\t\t\t\t<div class=\"elementor-divider\">\n\t\t\t<span class=\"elementor-divider-separator\">\n\t\t\t\t\t\t<\/span>\n\t\t<\/div>\n\t\t\t\t\t\t<\/div>\n\t\t\t\t<\/div>\n\t\t\t\t<div class=\"elementor-element elementor-element-2056ad9 elementor-widget elementor-widget-text-editor\" data-id=\"2056ad9\" data-element_type=\"widget\" data-e-type=\"widget\" data-widget_type=\"text-editor.default\">\n\t\t\t\t<div class=\"elementor-widget-container\">\n\t\t\t\t\t\t\t\t\t<h1><strong><b>2. Donn\u00e9es collect\u00e9es et moyens de collecte (cookies)<\/b><\/strong><\/h1><p>Nous collectons les types de donn\u00e9es suivants :<\/p><ul><li>Donn\u00e9es d\u2019identit\u00e9 : nom, pr\u00e9nom, genre, date de naissance, nationalit\u00e9<\/li><li>Coordonn\u00e9es : adresse postale, email, t\u00e9l\u00e9phone<\/li><li>Donn\u00e9es de compte : identifiants, mots de passe (hash), pr\u00e9f\u00e9rences linguistiques<\/li><li>Donn\u00e9es techniques : adresse IP, identifiant unique d\u2019appareil, type d\u2019appareil, type de navigateur, syst\u00e8me d\u2019exploitation, journaux techniques d\u2019erreur ou d\u2019usage avec horodatage<\/li><li>Donn\u00e9es de navigation: historique de navigation, produits consult\u00e9s, moyens de paiement<\/li><li>Donn\u00e9es de localisation : pr\u00e9cises ou approximatives selon consentement et type d\u2019utilisateur<\/li><li>Donn\u00e9es contractuelles : commandes, livraisons, transactions<\/li><li>Donn\u00e9es de communication : contenus \u00e9chang\u00e9s, support client, messagerie interne<\/li><li>Donn\u00e9es sensibles : uniquement si n\u00e9cessaires ou fournies volontairement (ex. \u00e2ge pour l\u2019achat d\u2019alcool, statut AVS, permis de travail) en relation avec un emploi<\/li><\/ul><p>Nous pouvons \u00e9galement utiliser des cookies n\u00e9cessaires, fonctionnels, analytiques et publicitaires, ainsi que des technologies similaires (balises pixel ou autres).<\/p><ul><li><b><\/b><strong><b>Cookies strictement n\u00e9cessaires :<\/b><\/strong>ces cookies sont n\u00e9cessaires pour le bon fonctionnement de notre site et afin que vous puissiez acc\u00e9der \u00e0 certaines parties de notre site. Ils comprennent notamment les cookies qui enregistrent la commande en cours et qui vous permettent d&rsquo;entrer dans les environnements s\u00e9curis\u00e9s de notre site. Ces cookies sont persistants.<\/li><li><b><\/b><strong><b>Cookies fonctionnels :<\/b><\/strong>ces cookies enregistrent des informations concernant les choix que vous faites sur notre site (tels que ton nom d&rsquo;utilisateur, la langue ou la r\u00e9gion dans laquelle vous vous trouvez). Ainsi, nous pouvons personnaliser votre visite sur notre site. Ces cookies sont persistants.<\/li><li><b><\/b><strong><b>Cookies analytiques :<\/b><\/strong>ces cookies \u00ab\u00a0analytiques\u00a0\u00bb permettent de collecter des informations concernant l&rsquo;utilisation de notre site par les visiteurs, en nous permettant de compter le nombre de visiteurs ou encore de d\u00e9terminer de quelle fa\u00e7on notre site est utilis\u00e9.<\/li><\/ul><p>Nous pouvons recourir \u00e0 des services tiers de cookies analytiques, tels que Google Ads, Google Analytics et Sourcebuster.<\/p><p>Les cookies peuvent \u00eatre d\u00e9sactiv\u00e9s via les param\u00e8tres du navigateur ou outils d\u00e9di\u00e9s. Certaines fonctionnalit\u00e9s du site peuvent \u00eatre interrompues en cas de refus.<\/p>\t\t\t\t\t\t\t\t<\/div>\n\t\t\t\t<\/div>\n\t\t\t\t<div class=\"elementor-element elementor-element-9772103 elementor-widget-divider--view-line elementor-widget elementor-widget-divider\" data-id=\"9772103\" data-element_type=\"widget\" data-e-type=\"widget\" data-widget_type=\"divider.default\">\n\t\t\t\t<div class=\"elementor-widget-container\">\n\t\t\t\t\t\t\t<div class=\"elementor-divider\">\n\t\t\t<span class=\"elementor-divider-separator\">\n\t\t\t\t\t\t<\/span>\n\t\t<\/div>\n\t\t\t\t\t\t<\/div>\n\t\t\t\t<\/div>\n\t\t\t\t<div class=\"elementor-element elementor-element-f36750f elementor-widget elementor-widget-text-editor\" data-id=\"f36750f\" data-element_type=\"widget\" data-e-type=\"widget\" data-widget_type=\"text-editor.default\">\n\t\t\t\t<div class=\"elementor-widget-container\">\n\t\t\t\t\t\t\t\t\t<h1><strong><b>3. Finalit\u00e9s du traitement<\/b><\/strong><\/h1><p>Les donn\u00e9es personnelles sont utilis\u00e9es pour :<\/p><ul><li>Fournir les services contractuels (prise de commande, livraison, service client ou information sur des rappels)<\/li><li>Personnaliser et am\u00e9liorer l\u2019exp\u00e9rience utilisateur (recommandations, affichage de produits)<\/li><li>Garantir la s\u00e9curit\u00e9 des donn\u00e9es, pr\u00e9venir la fraude<\/li><li>Analyser le comportement pour am\u00e9liorer les services et fonctionnalit\u00e9s<\/li><li>Exp\u00e9dier les campagnes marketing et newsletters (avec possibilit\u00e9 d\u2019opt-out) et analyser l\u2019efficacit\u00e9 de celles-ci<\/li><li>Faire valoir nos droits<\/li><li>Pr\u00e9parer et ex\u00e9cuter des contrats avec des partenaires contractuels aux fins de d\u00e9velopper nos services et\/ou envisager des transactions corporatives (p.ex. acquisition ou fusion d\u2019entreprise)<\/li><li>R\u00e9pondre aux obligations l\u00e9gales, fiscales et r\u00e9glementaires<\/li><li>Prot\u00e9ger la personnalit\u00e9 de nos employ\u00e9s et de tiers \u00e9ventuels<\/li><\/ul>\t\t\t\t\t\t\t\t<\/div>\n\t\t\t\t<\/div>\n\t\t\t\t<div class=\"elementor-element elementor-element-e89f3e1 elementor-widget-divider--view-line elementor-widget elementor-widget-divider\" data-id=\"e89f3e1\" data-element_type=\"widget\" data-e-type=\"widget\" data-widget_type=\"divider.default\">\n\t\t\t\t<div class=\"elementor-widget-container\">\n\t\t\t\t\t\t\t<div class=\"elementor-divider\">\n\t\t\t<span class=\"elementor-divider-separator\">\n\t\t\t\t\t\t<\/span>\n\t\t<\/div>\n\t\t\t\t\t\t<\/div>\n\t\t\t\t<\/div>\n\t\t\t\t<div class=\"elementor-element elementor-element-7633f37 elementor-widget elementor-widget-text-editor\" data-id=\"7633f37\" data-element_type=\"widget\" data-e-type=\"widget\" data-widget_type=\"text-editor.default\">\n\t\t\t\t<div class=\"elementor-widget-container\">\n\t\t\t\t\t\t\t\t\t<h1><strong><b>4. Communication des donn\u00e9es \u00e0 des tiers<\/b><\/strong><\/h1><p>Les donn\u00e9es personnelles peuvent \u00eatre communiqu\u00e9es :<\/p><ul><li>\u00c0 des prestataires techniques et logistiques agissant comme sous-traitants<\/li><li>\u00c0 des partenaires commerciaux ou soci\u00e9t\u00e9s affili\u00e9es lorsque cela est n\u00e9cessaire<\/li><li>Aux autorit\u00e9s comp\u00e9tentes en cas d\u2019obligation l\u00e9gale ou judiciaire<\/li><li>A des tiers partenaires ou co-contractants dans le cadre de la pr\u00e9paration, la n\u00e9gociation ou l\u2019ex\u00e9cution de contrats<\/li><\/ul>\t\t\t\t\t\t\t\t<\/div>\n\t\t\t\t<\/div>\n\t\t\t\t<div class=\"elementor-element elementor-element-3dc827d elementor-widget-divider--view-line elementor-widget elementor-widget-divider\" data-id=\"3dc827d\" data-element_type=\"widget\" data-e-type=\"widget\" data-widget_type=\"divider.default\">\n\t\t\t\t<div class=\"elementor-widget-container\">\n\t\t\t\t\t\t\t<div class=\"elementor-divider\">\n\t\t\t<span class=\"elementor-divider-separator\">\n\t\t\t\t\t\t<\/span>\n\t\t<\/div>\n\t\t\t\t\t\t<\/div>\n\t\t\t\t<\/div>\n\t\t\t\t<div class=\"elementor-element elementor-element-3c3b14d elementor-widget elementor-widget-text-editor\" data-id=\"3c3b14d\" data-element_type=\"widget\" data-e-type=\"widget\" data-widget_type=\"text-editor.default\">\n\t\t\t\t<div class=\"elementor-widget-container\">\n\t\t\t\t\t\t\t\t\t<h1><strong><b>5. Transfert \u00e0 l\u2019\u00e9tranger<\/b><\/strong><\/h1><p>Les donn\u00e9es personnelles peuvent \u00eatre transf\u00e9r\u00e9es \u00e0 l\u2019\u00e9tranger vers des pays dont la l\u00e9gislation est jug\u00e9e \u00e9quivalente. En cas de transfert vers un pays sans protection \u00e9quivalente, des garanties contractuelles ad\u00e9quates (clauses types de protection) sont mises en place.<\/p>\t\t\t\t\t\t\t\t<\/div>\n\t\t\t\t<\/div>\n\t\t\t\t<div class=\"elementor-element elementor-element-6beb777 elementor-widget-divider--view-line elementor-widget elementor-widget-divider\" data-id=\"6beb777\" data-element_type=\"widget\" data-e-type=\"widget\" data-widget_type=\"divider.default\">\n\t\t\t\t<div class=\"elementor-widget-container\">\n\t\t\t\t\t\t\t<div class=\"elementor-divider\">\n\t\t\t<span class=\"elementor-divider-separator\">\n\t\t\t\t\t\t<\/span>\n\t\t<\/div>\n\t\t\t\t\t\t<\/div>\n\t\t\t\t<\/div>\n\t\t\t\t<div class=\"elementor-element elementor-element-8aedc96 elementor-widget elementor-widget-text-editor\" data-id=\"8aedc96\" data-element_type=\"widget\" data-e-type=\"widget\" data-widget_type=\"text-editor.default\">\n\t\t\t\t<div class=\"elementor-widget-container\">\n\t\t\t\t\t\t\t\t\t<h1><strong><b>6. S\u00e9curit\u00e9 des donn\u00e9es<\/b><\/strong><\/h1><p>Nous mettons en \u0153uvre des mesures techniques et organisationnelles appropri\u00e9es pour prot\u00e9ger les donn\u00e9es contre tout acc\u00e8s, perte, ou traitement non autoris\u00e9. N\u00e9anmoins, aucun syst\u00e8me n\u2019est totalement s\u00e9curis\u00e9 et ne nous pouvons garantir que la s\u00e9curit\u00e9 soit absolue. Aussi, nous d\u00e9clinons toute responsabilit\u00e9 pour d\u2019\u00e9ventuels dommages en cas d\u2019acc\u00e8s non-autoris\u00e9.<\/p>\t\t\t\t\t\t\t\t<\/div>\n\t\t\t\t<\/div>\n\t\t\t\t<div class=\"elementor-element elementor-element-e44dc0a elementor-widget-divider--view-line elementor-widget elementor-widget-divider\" data-id=\"e44dc0a\" data-element_type=\"widget\" data-e-type=\"widget\" data-widget_type=\"divider.default\">\n\t\t\t\t<div class=\"elementor-widget-container\">\n\t\t\t\t\t\t\t<div class=\"elementor-divider\">\n\t\t\t<span class=\"elementor-divider-separator\">\n\t\t\t\t\t\t<\/span>\n\t\t<\/div>\n\t\t\t\t\t\t<\/div>\n\t\t\t\t<\/div>\n\t\t\t\t<div class=\"elementor-element elementor-element-4f4da66 elementor-widget elementor-widget-text-editor\" data-id=\"4f4da66\" data-element_type=\"widget\" data-e-type=\"widget\" data-widget_type=\"text-editor.default\">\n\t\t\t\t<div class=\"elementor-widget-container\">\n\t\t\t\t\t\t\t\t\t<h1><strong><b>7. Dur\u00e9e de conservation<\/b><\/strong><\/h1><p>Les donn\u00e9es sont conserv\u00e9es pendant la dur\u00e9e n\u00e9cessaire \u00e0 la finalit\u00e9 poursuivie ou selon les obligations l\u00e9gales. Certaines donn\u00e9es peuvent \u00eatre conserv\u00e9es jusqu\u2019\u00e0 10 ans \u00e0 des fins fiscales ou comptables.<\/p>\t\t\t\t\t\t\t\t<\/div>\n\t\t\t\t<\/div>\n\t\t\t\t<div class=\"elementor-element elementor-element-32ce59e elementor-widget-divider--view-line elementor-widget elementor-widget-divider\" data-id=\"32ce59e\" data-element_type=\"widget\" data-e-type=\"widget\" data-widget_type=\"divider.default\">\n\t\t\t\t<div class=\"elementor-widget-container\">\n\t\t\t\t\t\t\t<div class=\"elementor-divider\">\n\t\t\t<span class=\"elementor-divider-separator\">\n\t\t\t\t\t\t<\/span>\n\t\t<\/div>\n\t\t\t\t\t\t<\/div>\n\t\t\t\t<\/div>\n\t\t\t\t<div class=\"elementor-element elementor-element-bbe6cbc elementor-widget elementor-widget-text-editor\" data-id=\"bbe6cbc\" data-element_type=\"widget\" data-e-type=\"widget\" data-widget_type=\"text-editor.default\">\n\t\t\t\t<div class=\"elementor-widget-container\">\n\t\t\t\t\t\t\t\t\t<h1><strong><b>8. Droits des personnes concern\u00e9es<\/b><\/strong><\/h1><p>Conform\u00e9ment \u00e0 la loi, vous disposez des droits suivants :<\/p><ul><li>Acc\u00e8s \u00e0 vos donn\u00e9es personnelles\u00a0<\/li><li>Rectification des donn\u00e9es inexactes<\/li><li>Suppression des donn\u00e9es (sous conditions)\u00a0<\/li><li>Opposition \u00e0 certains traitements, notamment \u00e0 des fins marketing (par opting-out sur votre appareil ou le site)<\/li><li>Le droit de retirer votre consentement pour l\u2019avenir, dans la mesure o\u00f9 le traitement est fond\u00e9 sur le consentement<\/li><\/ul><p>Vous pouvez exercer l\u2019essentiel de ces droits en modifiant vos param\u00e8tres de compte ou en contactant le service client. Si vous poss\u00e9dez un compte, vous pouvez directement y corriger les donn\u00e9es ou solliciter la d\u00e9sactivation du compte. Vous pouvez \u00e9galement vous d\u00e9sabonner des newsletter et autres communications publicitaires \u00e0 la fin de chaque e-mail. Vous pouvez enfin nous contacter \u00e0 l\u2019adresse de contact sous 9. si vous avez des questions ou si vous souhaitez vous pr\u00e9valoir d\u2019un autre droit.<\/p>\t\t\t\t\t\t\t\t<\/div>\n\t\t\t\t<\/div>\n\t\t\t\t<div class=\"elementor-element elementor-element-b7553e9 elementor-widget-divider--view-line elementor-widget elementor-widget-divider\" data-id=\"b7553e9\" data-element_type=\"widget\" data-e-type=\"widget\" data-widget_type=\"divider.default\">\n\t\t\t\t<div class=\"elementor-widget-container\">\n\t\t\t\t\t\t\t<div class=\"elementor-divider\">\n\t\t\t<span class=\"elementor-divider-separator\">\n\t\t\t\t\t\t<\/span>\n\t\t<\/div>\n\t\t\t\t\t\t<\/div>\n\t\t\t\t<\/div>\n\t\t\t\t<div class=\"elementor-element elementor-element-39dab15 elementor-widget elementor-widget-text-editor\" data-id=\"39dab15\" data-element_type=\"widget\" data-e-type=\"widget\" data-widget_type=\"text-editor.default\">\n\t\t\t\t<div class=\"elementor-widget-container\">\n\t\t\t\t\t\t\t\t\t<h1><strong><b>9. Contact<\/b><\/strong><\/h1><p>Pour toute question, demande ou exercice de droits :<\/p><p><a href=\"mailto:privacy@hwtmart.ch\">serviceclient@hwtmart.ch<\/a><\/p><p>H.W.T. SWISS SA<br \/>Protection des Donn\u00e9es<\/p><div class=\"_ngcontent-pyt-5\">Rue pr\u00e9 du march\u00e915<\/div><div class=\"_ngcontent-pyt-5\">Lausanne\u00a0VOUD\u00a01004<\/div><div class=\"_ngcontent-pyt-5\">Switzerland<\/div>\t\t\t\t\t\t\t\t<\/div>\n\t\t\t\t<\/div>\n\t\t\t\t\t<\/div>\n\t\t\t\t<\/div>\n\t\t\t\t<\/div>\n\t\t","protected":false},"excerpt":{"rendered":"<p>Politique de confidentialit\u00e9 1er septembre 2025 Cette politique explique comment\u00a0notre soci\u00e9t\u00e9 collecte, traite, stocke et utilise vos donn\u00e9es personnelles conform\u00e9ment \u00e0 la l\u00e9gislation en vigueur, y compris la Loi f\u00e9d\u00e9rale sur la protection des donn\u00e9es (LPD). La politique \u00eatre modifi\u00e9e en tout temps. Les modifications prendront effet d\u00e8s leur publication sur le site. L\u2019utilisateur est<\/p>\n<div class=\"klb-readmore entry-button\"><a class=\"btn link\" href=\"https:\/\/hwtmart.ch\/?page_id=3\">Read More <i class=\"klbth-icon-right-arrow\"><\/i><\/a><\/div>\n","protected":false},"author":2,"featured_media":0,"parent":0,"menu_order":0,"comment_status":"closed","ping_status":"closed","template":"","meta":{"footnotes":""},"class_list":["post-3","page","type-page","status-publish","hentry"],"_hostinger_reach_plugin_has_subscription_block":false,"_hostinger_reach_plugin_is_elementor":false,"jetpack_sharing_enabled":true,"_links":{"self":[{"href":"https:\/\/hwtmart.ch\/index.php?rest_route=\/wp\/v2\/pages\/3","targetHints":{"allow":["GET"]}}],"collection":[{"href":"https:\/\/hwtmart.ch\/index.php?rest_route=\/wp\/v2\/pages"}],"about":[{"href":"https:\/\/hwtmart.ch\/index.php?rest_route=\/wp\/v2\/types\/page"}],"author":[{"embeddable":true,"href":"https:\/\/hwtmart.ch\/index.php?rest_route=\/wp\/v2\/users\/2"}],"replies":[{"embeddable":true,"href":"https:\/\/hwtmart.ch\/index.php?rest_route=%2Fwp%2Fv2%2Fcomments&post=3"}],"version-history":[{"count":28,"href":"https:\/\/hwtmart.ch\/index.php?rest_route=\/wp\/v2\/pages\/3\/revisions"}],"predecessor-version":[{"id":11049,"href":"https:\/\/hwtmart.ch\/index.php?rest_route=\/wp\/v2\/pages\/3\/revisions\/11049"}],"wp:attachment":[{"href":"https:\/\/hwtmart.ch\/index.php?rest_route=%2Fwp%2Fv2%2Fmedia&parent=3"}],"curies":[{"name":"wp","href":"https:\/\/api.w.org\/{rel}","templated":true}]}}